{"id":16,"date":"2024-11-16T20:52:14","date_gmt":"2024-11-16T20:52:14","guid":{"rendered":"https:\/\/chateaudelaillyenval.com\/?page_id=16"},"modified":"2026-01-21T21:26:09","modified_gmt":"2026-01-21T21:26:09","slug":"nos-evenements","status":"publish","type":"page","link":"https:\/\/chateaudelaillyenval.com\/en\/nos-evenements\/","title":{"rendered":"L&rsquo;Actualit\u00e9"},"content":{"rendered":"<div data-elementor-type=\"wp-page\" data-elementor-id=\"16\" class=\"elementor elementor-16\" data-elementor-post-type=\"page\">\n\t\t\t\t<div class=\"elementor-element elementor-element-ff70762 e-con-full e-flex e-con e-parent\" data-id=\"ff70762\" data-element_type=\"container\" data-settings=\"{&quot;shape_divider_bottom&quot;:&quot;curve&quot;,&quot;jet_parallax_layout_list&quot;:[]}\">\n\t\t\t\t<div class=\"elementor-shape elementor-shape-bottom\" aria-hidden=\"true\" data-negative=\"false\">\n\t\t\t<svg xmlns=\"http:\/\/www.w3.org\/2000\/svg\" viewbox=\"0 0 1000 100\" preserveaspectratio=\"none\">\n    <path class=\"elementor-shape-fill\" d=\"M1000,4.3V0H0v4.3C0.9,23.1,126.7,99.2,500,100S1000,22.7,1000,4.3z\"\/>\n<\/svg>\t\t<\/div>\n\t\t\t\t<div class=\"elementor-element elementor-element-35e7751 elementor-widget__width-inherit elementor-pagination-type-progressbar elementor-pagination-position-inside animated-slow elementor-skin-carousel elementor-widget elementor-widget-media-carousel\" data-id=\"35e7751\" data-element_type=\"widget\" data-settings=\"{&quot;pagination&quot;:&quot;progressbar&quot;,&quot;speed&quot;:300,&quot;_animation&quot;:&quot;none&quot;,&quot;effect&quot;:&quot;fade&quot;,&quot;skin&quot;:&quot;carousel&quot;,&quot;autoplay&quot;:&quot;yes&quot;,&quot;autoplay_speed&quot;:5000,&quot;loop&quot;:&quot;yes&quot;,&quot;pause_on_hover&quot;:&quot;yes&quot;,&quot;pause_on_interaction&quot;:&quot;yes&quot;,&quot;space_between&quot;:{&quot;unit&quot;:&quot;px&quot;,&quot;size&quot;:10,&quot;sizes&quot;:[]},&quot;space_between_tablet&quot;:{&quot;unit&quot;:&quot;px&quot;,&quot;size&quot;:10,&quot;sizes&quot;:[]},&quot;space_between_mobile&quot;:{&quot;unit&quot;:&quot;px&quot;,&quot;size&quot;:10,&quot;sizes&quot;:[]}}\" data-widget_type=\"media-carousel.default\">\n\t\t\t\t<div class=\"elementor-widget-container\">\n\t\t\t\t\t\t\t\t\t<div class=\"elementor-swiper\">\n\t\t\t\t\t<div class=\"elementor-main-swiper swiper\" role=\"region\" aria-roledescription=\"carousel\" aria-label=\"Slides\">\n\t\t\t\t<div class=\"swiper-wrapper\">\n\t\t\t\t\t\t\t\t\t\t\t<div class=\"swiper-slide\" role=\"group\" aria-roledescription=\"slide\">\n\t\t\t\t\t\t\t\t\t<div class=\"elementor-carousel-image\" role=\"img\" aria-label=\"DSC_0118\" style=\"background-image: url(&#039;https:\/\/chateaudelaillyenval.com\/wp-content\/uploads\/2026\/01\/DSC_0118-scaled.jpg&#039;)\">\n\n\t\t\t\n\t\t\t\t\t<\/div>\n\t\t\t\t\t<div class=\"elementor-carousel-image-overlay e-overlay-animation-zoom-in\">\n\t\t\t\tDSC_0118\t\t\t<\/div>\n\t\t\t\t\t\t\t\t\t<\/div>\n\t\t\t\t\t\t\t\t\t<\/div>\n\t\t\t\t\t\t\t<\/div>\n\t\t\t\t<\/div>\n\t\t\t\t\t\t\t\t<\/div>\n\t\t\t\t<\/div>\n\t\t\t\t<\/div>\n\t\t<div class=\"elementor-element elementor-element-d713bdc e-flex e-con-boxed e-con e-parent\" data-id=\"d713bdc\" data-element_type=\"container\" data-settings=\"{&quot;jet_parallax_layout_list&quot;:[]}\">\n\t\t\t\t\t<div class=\"e-con-inner\">\n\t\t\t\t<div class=\"elementor-element elementor-element-94bcb91 elementor-widget elementor-widget-text-editor\" data-id=\"94bcb91\" data-element_type=\"widget\" data-widget_type=\"text-editor.default\">\n\t\t\t\t<div class=\"elementor-widget-container\">\n\t\t\t\t\t\t\t\t\t<p>Au Ch\u00e2teau de Lailly\u2011en\u2011Val, nous croyons que la vie doit circuler librement, \u00e0 tout \u00e2ge. Notre philosophie est simple\u202f: nous refusons l\u2019isolement. Ici, les personnes \u00e2g\u00e9es ne sont jamais mises \u00e0 l\u2019\u00e9cart de la soci\u00e9t\u00e9 \u2014 elles \u00e9voluent dans un lieu vibrant, chaleureux, et pleinement connect\u00e9 au monde ext\u00e9rieur.<\/p><p>Le ch\u00e2teau n\u2019est pas un lieu fig\u00e9\u202f: c\u2019est un espace vivant, anim\u00e9 par des rencontres authentiques, des \u00e9changes spontan\u00e9s et une v\u00e9ritable \u00e9nergie humaine. Nous favorisons les interactions naturelles avec les visiteurs, les familles, les enfants, les professionnels et les h\u00f4tes de passage. Chaque journ\u00e9e devient ainsi une occasion de partager, de rire, de d\u00e9couvrir et de rester acteur de sa propre vie.<\/p><p>Nous ne proposons pas des animations artificielles, mais de v\u00e9ritables moments de vie. Des activit\u00e9s qui ont du sens, des \u00e9changes qui nourrissent, des exp\u00e9riences qui stimulent. Le ch\u00e2teau s\u2019ouvre sur l\u2019ext\u00e9rieur, et l\u2019ext\u00e9rieur s\u2019invite au ch\u00e2teau \u2014 pour le plus grand bonheur de nos r\u00e9sidents.<\/p><p>Ici, chacun trouve sa place. Ici, la vie continue de battre, intens\u00e9ment et \u00e9l\u00e9gamment.<\/p>\t\t\t\t\t\t\t\t<\/div>\n\t\t\t\t<\/div>\n\t\t\t\t\t<\/div>\n\t\t\t\t<\/div>\n\t\t<div class=\"elementor-element elementor-element-c228021 e-flex e-con-boxed e-con e-parent\" data-id=\"c228021\" data-element_type=\"container\" data-settings=\"{&quot;jet_parallax_layout_list&quot;:[]}\">\n\t\t\t\t\t<div class=\"e-con-inner\">\n\t\t\t\t<div class=\"elementor-element elementor-element-2e4413f elementor-widget elementor-widget-heading\" data-id=\"2e4413f\" data-element_type=\"widget\" data-widget_type=\"heading.default\">\n\t\t\t\t<div class=\"elementor-widget-container\">\n\t\t\t\t\t<h2 class=\"elementor-heading-title elementor-size-default\">Events &amp; News<\/h2>\t\t\t\t<\/div>\n\t\t\t\t<\/div>\n\t\t\t\t<div class=\"elementor-element elementor-element-6582bdd elementor-grid-3 elementor-grid-tablet-2 elementor-grid-mobile-1 elementor-posts--thumbnail-top elementor-card-shadow-yes elementor-posts__hover-gradient elementor-widget elementor-widget-posts\" data-id=\"6582bdd\" data-element_type=\"widget\" data-settings=\"{&quot;cards_columns&quot;:&quot;3&quot;,&quot;cards_columns_tablet&quot;:&quot;2&quot;,&quot;cards_columns_mobile&quot;:&quot;1&quot;,&quot;cards_row_gap&quot;:{&quot;unit&quot;:&quot;px&quot;,&quot;size&quot;:35,&quot;sizes&quot;:[]},&quot;cards_row_gap_tablet&quot;:{&quot;unit&quot;:&quot;px&quot;,&quot;size&quot;:&quot;&quot;,&quot;sizes&quot;:[]},&quot;cards_row_gap_mobile&quot;:{&quot;unit&quot;:&quot;px&quot;,&quot;size&quot;:&quot;&quot;,&quot;sizes&quot;:[]}}\" data-widget_type=\"posts.cards\">\n\t\t\t\t<div class=\"elementor-widget-container\">\n\t\t\t\t\t\t\t<div class=\"elementor-posts-container elementor-posts elementor-posts--skin-cards elementor-grid\" role=\"list\">\n\t\t\t\t<article class=\"elementor-post elementor-grid-item post-1 post type-post status-publish format-standard has-post-thumbnail hentry category-events\" role=\"listitem\">\n\t\t\t<div class=\"elementor-post__card\">\n\t\t\t\t<a class=\"elementor-post__thumbnail__link\" href=\"https:\/\/chateaudelaillyenval.com\/en\/salon-du-livre-au-chateau\/\" tabindex=\"-1\" ><div class=\"elementor-post__thumbnail\"><img fetchpriority=\"high\" decoding=\"async\" width=\"1448\" height=\"2048\" src=\"https:\/\/chateaudelaillyenval.com\/wp-content\/uploads\/2024\/10\/20250118-Salon-du-Livre.jpg\" class=\"attachment-full size-full wp-image-542\" alt=\"\" srcset=\"https:\/\/chateaudelaillyenval.com\/wp-content\/uploads\/2024\/10\/20250118-Salon-du-Livre.jpg 1448w, https:\/\/chateaudelaillyenval.com\/wp-content\/uploads\/2024\/10\/20250118-Salon-du-Livre-212x300.jpg 212w, https:\/\/chateaudelaillyenval.com\/wp-content\/uploads\/2024\/10\/20250118-Salon-du-Livre-724x1024.jpg 724w, https:\/\/chateaudelaillyenval.com\/wp-content\/uploads\/2024\/10\/20250118-Salon-du-Livre-768x1086.jpg 768w, https:\/\/chateaudelaillyenval.com\/wp-content\/uploads\/2024\/10\/20250118-Salon-du-Livre-1086x1536.jpg 1086w\" sizes=\"(max-width: 1448px) 100vw, 1448px\" \/><\/div><\/a>\n\t\t\t\t<div class=\"elementor-post__badge\">\u00c9v\u00e9nements<\/div>\n\t\t\t\t<div class=\"elementor-post__text\">\n\t\t\t\t<h3 class=\"elementor-post__title\">\n\t\t\t<a href=\"https:\/\/chateaudelaillyenval.com\/en\/salon-du-livre-au-chateau\/\" >\n\t\t\t\tSalon du Livre, le 18 et le 19 janvier 2025\t\t\t<\/a>\n\t\t<\/h3>\n\t\t\t\t<div class=\"elementor-post__excerpt\">\n\t\t\t<p>(Affiche r\u00e9alis\u00e9e par Danielle Gard-Parfait) Samedi 18 et dimanche 19 janvier 2025 \u2013 De 10h00 \u00e0 17h00 Premier salon du livre au ch\u00e2teau: un rendez-vous culturel attendu ENTREE LIBRE Pour ouvrir l\u2019ann\u00e9e 2025, le ch\u00e2teau de Lailly-en-Val accueille un salon<\/p>\n\t\t<\/div>\n\t\t\n\t\t<a class=\"elementor-post__read-more\" href=\"https:\/\/chateaudelaillyenval.com\/en\/salon-du-livre-au-chateau\/\" aria-label=\"Read more about Salon du Livre, le 18 et le 19 janvier 2025\" tabindex=\"-1\" >\n\t\t\tPlus d'informations\t\t<\/a>\n\n\t\t\t\t<\/div>\n\t\t\t\t<div class=\"elementor-post__meta-data\">\n\t\t\t\t\t<span class=\"elementor-post-date\">\n\t\t\tOctober 27, 2024\t\t<\/span>\n\t\t\t\t<\/div>\n\t\t\t\t\t<\/div>\n\t\t<\/article>\n\t\t\t\t<\/div>\n\t\t\n\t\t\t\t\t\t<\/div>\n\t\t\t\t<\/div>\n\t\t\t\t<div class=\"elementor-element elementor-element-1776aa6 elementor-widget elementor-widget-spacer\" data-id=\"1776aa6\" data-element_type=\"widget\" data-widget_type=\"spacer.default\">\n\t\t\t\t<div class=\"elementor-widget-container\">\n\t\t\t\t\t\t\t<div class=\"elementor-spacer\">\n\t\t\t<div class=\"elementor-spacer-inner\"><\/div>\n\t\t<\/div>\n\t\t\t\t\t\t<\/div>\n\t\t\t\t<\/div>\n\t\t\t\t\t<\/div>\n\t\t\t\t<\/div>\n\t\t<div class=\"elementor-element elementor-element-1efb2bb e-flex e-con-boxed e-con e-parent\" data-id=\"1efb2bb\" data-element_type=\"container\" data-settings=\"{&quot;jet_parallax_layout_list&quot;:[]}\">\n\t\t\t\t\t<div class=\"e-con-inner\">\n\t\t\t\t<div class=\"elementor-element elementor-element-8f61eb0 elementor-widget elementor-widget-heading\" data-id=\"8f61eb0\" data-element_type=\"widget\" data-widget_type=\"heading.default\">\n\t\t\t\t<div class=\"elementor-widget-container\">\n\t\t\t\t\t<h4 class=\"elementor-heading-title elementor-size-default\">Planning an Event?<\/h4>\t\t\t\t<\/div>\n\t\t\t\t<\/div>\n\t\t\t\t<div class=\"elementor-element elementor-element-348bcf7 elementor-widget elementor-widget-text-editor\" data-id=\"348bcf7\" data-element_type=\"widget\" data-widget_type=\"text-editor.default\">\n\t\t\t\t<div class=\"elementor-widget-container\">\n\t\t\t\t\t\t\t\t\t<p>Feel free to contact us for further information!<\/p>\t\t\t\t\t\t\t\t<\/div>\n\t\t\t\t<\/div>\n\t\t\t\t<div class=\"elementor-element elementor-element-e3d1c89 elementor-align-center elementor-widget elementor-widget-button\" data-id=\"e3d1c89\" data-element_type=\"widget\" data-widget_type=\"button.default\">\n\t\t\t\t<div class=\"elementor-widget-container\">\n\t\t\t\t\t\t\t\t\t<div class=\"elementor-button-wrapper\">\n\t\t\t\t\t<a class=\"elementor-button elementor-button-link elementor-size-sm\" href=\"https:\/\/chateaudelaillyenval.com\/en\/nous-contacter\/\">\n\t\t\t\t\t\t<span class=\"elementor-button-content-wrapper\">\n\t\t\t\t\t\t<span class=\"elementor-button-icon\">\n\t\t\t\t<svg aria-hidden=\"true\" class=\"e-font-icon-svg e-fas-phone-alt\" viewbox=\"0 0 512 512\" xmlns=\"http:\/\/www.w3.org\/2000\/svg\"><path d=\"M497.39 361.8l-112-48a24 24 0 0 0-28 6.9l-49.6 60.6A370.66 370.66 0 0 1 130.6 204.11l60.6-49.6a23.94 23.94 0 0 0 6.9-28l-48-112A24.16 24.16 0 0 0 122.6.61l-104 24A24 24 0 0 0 0 48c0 256.5 207.9 464 464 464a24 24 0 0 0 23.4-18.6l24-104a24.29 24.29 0 0 0-14.01-27.6z\"><\/path><\/svg>\t\t\t<\/span>\n\t\t\t\t\t\t\t\t\t<span class=\"elementor-button-text\">Contact us<\/span>\n\t\t\t\t\t<\/span>\n\t\t\t\t\t<\/a>\n\t\t\t\t<\/div>\n\t\t\t\t\t\t\t\t<\/div>\n\t\t\t\t<\/div>\n\t\t\t\t\t<\/div>\n\t\t\t\t<\/div>\n\t\t\t\t<\/div>","protected":false},"excerpt":{"rendered":"<p>DSC_0118 Au Ch\u00e2teau de Lailly\u2011en\u2011Val, nous croyons que la vie doit circuler librement, \u00e0 tout \u00e2ge. Notre philosophie est simple\u202f: nous refusons l\u2019isolement. Ici, les personnes \u00e2g\u00e9es ne sont jamais mises \u00e0 l\u2019\u00e9cart de la soci\u00e9t\u00e9 \u2014 elles \u00e9voluent dans un lieu vibrant, chaleureux, et pleinement connect\u00e9 au monde ext\u00e9rieur. Le ch\u00e2teau n\u2019est pas un [&hellip;]<\/p>","protected":false},"author":1,"featured_media":0,"parent":0,"menu_order":0,"comment_status":"closed","ping_status":"closed","template":"elementor_header_footer","meta":{"footnotes":""},"class_list":["post-16","page","type-page","status-publish","hentry"],"jetpack_sharing_enabled":true,"_links":{"self":[{"href":"https:\/\/chateaudelaillyenval.com\/en\/wp-json\/wp\/v2\/pages\/16","targetHints":{"allow":["GET"]}}],"collection":[{"href":"https:\/\/chateaudelaillyenval.com\/en\/wp-json\/wp\/v2\/pages"}],"about":[{"href":"https:\/\/chateaudelaillyenval.com\/en\/wp-json\/wp\/v2\/types\/page"}],"author":[{"embeddable":true,"href":"https:\/\/chateaudelaillyenval.com\/en\/wp-json\/wp\/v2\/users\/1"}],"replies":[{"embeddable":true,"href":"https:\/\/chateaudelaillyenval.com\/en\/wp-json\/wp\/v2\/comments?post=16"}],"version-history":[{"count":119,"href":"https:\/\/chateaudelaillyenval.com\/en\/wp-json\/wp\/v2\/pages\/16\/revisions"}],"predecessor-version":[{"id":2475,"href":"https:\/\/chateaudelaillyenval.com\/en\/wp-json\/wp\/v2\/pages\/16\/revisions\/2475"}],"wp:attachment":[{"href":"https:\/\/chateaudelaillyenval.com\/en\/wp-json\/wp\/v2\/media?parent=16"}],"curies":[{"name":"wp","href":"https:\/\/api.w.org\/{rel}","templated":true}]}}