{"id":391,"date":"2024-11-30T19:36:40","date_gmt":"2024-11-30T19:36:40","guid":{"rendered":"https:\/\/chateaudelaillyenval.com\/?page_id=391"},"modified":"2025-03-19T22:03:50","modified_gmt":"2025-03-19T22:03:50","slug":"legal-notice","status":"publish","type":"page","link":"https:\/\/chateaudelaillyenval.com\/en\/legal-notice\/","title":{"rendered":"Mentions l\u00e9gales"},"content":{"rendered":"<div data-elementor-type=\"wp-page\" data-elementor-id=\"391\" class=\"elementor elementor-391\" data-elementor-post-type=\"page\">\n\t\t\t\t<div class=\"elementor-element elementor-element-f1a4924 e-flex e-con-boxed e-con e-parent\" data-id=\"f1a4924\" data-element_type=\"container\" data-settings=\"{&quot;jet_parallax_layout_list&quot;:[]}\">\n\t\t\t\t\t<div class=\"e-con-inner\">\n\t\t\t\t<div class=\"elementor-element elementor-element-6fd1ad3 elementor-widget elementor-widget-heading\" data-id=\"6fd1ad3\" data-element_type=\"widget\" data-widget_type=\"heading.default\">\n\t\t\t\t<div class=\"elementor-widget-container\">\n\t\t\t\t\t<h2 class=\"elementor-heading-title elementor-size-default\">Mentions L\u00e9gales<\/h2>\t\t\t\t<\/div>\n\t\t\t\t<\/div>\n\t\t\t\t<div class=\"elementor-element elementor-element-f775782 elementor-widget elementor-widget-text-editor\" data-id=\"f775782\" data-element_type=\"widget\" data-widget_type=\"text-editor.default\">\n\t\t\t\t<div class=\"elementor-widget-container\">\n\t\t\t\t\t\t\t\t\t<p><strong>Propri\u00e9taire du Site Internet<\/strong><\/p><p>Le site internet <strong>www.chateaudelaillyenval.com<\/strong> est \u00e9dit\u00e9 par la soci\u00e9t\u00e9 <strong>Toussilver<\/strong>, soci\u00e9t\u00e9 par action simplifi\u00e9e au capital de , immatricul\u00e9e au Registre du Commerce et des Soci\u00e9t\u00e9s (RCS) de Orl\u00e9ans sous le num\u00e9ro <strong>94098291100015<\/strong>. Num\u00e9ro de TVA intracommunautaire : <strong>FR37940982911<\/strong> Si\u00e8ge social : <strong>24 rue de la Mairie, 45740 Lailly-en-Val<\/strong> Contact : Email : <strong>contact@chateaudelaillyenval.com<\/strong>, T\u00e9l\u00e9phone : <strong>06 09 20 09 27, <\/strong><strong>repr\u00e9sent\u00e9 par <\/strong><strong>Mr Massoud Toussi.<\/strong><\/p><p><strong>H\u00e9bergement du Site Internet<\/strong><\/p><p>Le site est h\u00e9berg\u00e9 par <strong>FastComet<\/strong>, accessible \u00e0 l\u2019adresse www.fastcomet.com.<\/p><p><strong>Objet du Site Internet<\/strong><\/p><p>Ce site a pour vocation de fournir des informations relatives \u00e0 l\u2019\u00e9tablissements <strong>Le Ch\u00e2teau de Lailly-en-Val<\/strong>, d\u00e9di\u00e9s aux services et au bien-\u00eatre des personnes \u00e2g\u00e9es, incluant une r\u00e9sidence interg\u00e9n\u00e9rationnelle, un h\u00e9bergement court s\u00e9jour, un club priv\u00e9, et des salles pouvant \u00eatre privatis\u00e9s .<\/p><p><strong>Propri\u00e9t\u00e9 Intellectuelle<\/strong><\/p><p>Le contenu du site, incluant notamment les textes, images, graphismes, logos, marques, vid\u00e9os, bases de donn\u00e9es, sont la propri\u00e9t\u00e9 exclusive de la soci\u00e9t\u00e9 <strong>Toussilver<\/strong> ou de ses partenaires. Toute reproduction, repr\u00e9sentation, modification, publication ou adaptation, int\u00e9grale ou partielle, de ces \u00e9l\u00e9ments, quel que soit le moyen ou le proc\u00e9d\u00e9 utilis\u00e9, est interdite, sauf autorisation \u00e9crite pr\u00e9alable. Toute violation des droits de propri\u00e9t\u00e9 intellectuelle pourra faire l\u2019objet de poursuites conform\u00e9ment aux articles <strong>L.335-2 et suivants<\/strong> du Code de la propri\u00e9t\u00e9 intellectuelle.<\/p><p><strong>Responsabilit\u00e9s<\/strong><\/p><p>La soci\u00e9t\u00e9 <strong>Toussilver<\/strong> s\u2019efforce de fournir des informations fiables et \u00e0 jour sur ce site. Cependant, aucune garantie n\u2019est donn\u00e9e quant \u00e0 l\u2019exactitude ou l\u2019exhaustivit\u00e9 de ces informations. La soci\u00e9t\u00e9 se r\u00e9serve le droit de modifier le contenu du site \u00e0 tout moment, sans pr\u00e9avis. La soci\u00e9t\u00e9 d\u00e9cline toute responsabilit\u00e9 en cas :<\/p><ul><li>D\u2019inexactitude ou d\u2019omission dans les informations disponibles sur le site,<\/li><li>De dommages r\u00e9sultant de l\u2019acc\u00e8s ou de l\u2019utilisation du site (pertes de donn\u00e9es, virus, etc.).<\/li><\/ul><p><strong>Liens Hypertextes<\/strong><\/p><p>Ce site peut contenir des liens vers des sites externes. La soci\u00e9t\u00e9 <strong>Toussilver<\/strong> n\u2019exerce aucun contr\u00f4le sur ces sites et d\u00e9cline toute responsabilit\u00e9 quant \u00e0 leur contenu ou leur utilisation.<\/p><p><strong>Protection des Donn\u00e9es Personnelles<\/strong><\/p><p>La soci\u00e9t\u00e9 <strong>Toussilver<\/strong> attache une grande importance \u00e0 la confidentialit\u00e9 et \u00e0 la protection des donn\u00e9es personnelles, conform\u00e9ment au <strong>R\u00e8glement G\u00e9n\u00e9ral sur la Protection des Donn\u00e9es (RGPD)<\/strong> et aux lois fran\u00e7aises. Pour toute demande relative \u00e0 vos donn\u00e9es personnelles, veuillez contacter le R\u00e9f\u00e9rent \u00e0 la Protection des Donn\u00e9es :<\/p><ul><li>Email : <strong>admin@chateaudelaillyenval.com<\/strong><\/li><li>Adresse postale : <strong>Toussilver, Ch\u00e2teau de Lailly-en-Val, 24 rue de la Mairie, 45740 Lailly-en-Val<\/strong>.<\/li><\/ul><p><strong>Droits des Utilisateurs<\/strong><\/p><p>Conform\u00e9ment \u00e0 la r\u00e9glementation en vigueur, vous disposez des droits suivants :<\/p><ul><li>Acc\u00e8s, rectification, suppression de vos donn\u00e9es,<\/li><li>Opposition au traitement de vos donn\u00e9es,<\/li><li>Limitation du traitement,<\/li><li>Portabilit\u00e9 des donn\u00e9es,<\/li><li>R\u00e9clamations aupr\u00e8s de la CNIL (www.cnil.fr).<\/li><\/ul><p><strong>Cookies<\/strong> Le site utilise des cookies afin d\u2019am\u00e9liorer l\u2019exp\u00e9rience des utilisateurs. Vous pouvez configurer vos pr\u00e9f\u00e9rences via les param\u00e8tres de votre navigateur.<\/p><p><strong>R\u00e8glement des Litiges<\/strong> Conform\u00e9ment aux articles <strong>L.616-1 et R.616-1<\/strong> du Code de la consommation, tout litige peut \u00eatre soumis \u00e0 un m\u00e9diateur de la consommation :<\/p><ul><li>M\u00e9diateur : <strong>Association des M\u00e9diateurs Europ\u00e9ens (AME)<\/strong><\/li><li>Contact : T\u00e9l\u00e9phone : 09 53 01 02 69 \/ 01 42 22 81 09, Site : www.mediaconso-ame.com<\/li><li>Adresse : <strong>11 place Dauphine, 75053 Paris Cedex 01<\/strong>.<\/li><\/ul>\t\t\t\t\t\t\t\t<\/div>\n\t\t\t\t<\/div>\n\t\t\t\t\t<\/div>\n\t\t\t\t<\/div>\n\t\t\t\t<\/div>","protected":false},"excerpt":{"rendered":"<p>Mentions L\u00e9gales Propri\u00e9taire du Site Internet Le site internet www.chateaudelaillyenval.com est \u00e9dit\u00e9 par la soci\u00e9t\u00e9 Toussilver, soci\u00e9t\u00e9 par action simplifi\u00e9e au capital de , immatricul\u00e9e au Registre du Commerce et des Soci\u00e9t\u00e9s (RCS) de Orl\u00e9ans sous le num\u00e9ro 94098291100015. Num\u00e9ro de TVA intracommunautaire : FR37940982911 Si\u00e8ge social : 24 rue de la Mairie, 45740 Lailly-en-Val [&hellip;]<\/p>","protected":false},"author":1,"featured_media":0,"parent":0,"menu_order":0,"comment_status":"closed","ping_status":"closed","template":"elementor_header_footer","meta":{"footnotes":""},"class_list":["post-391","page","type-page","status-publish","hentry"],"jetpack_sharing_enabled":true,"_links":{"self":[{"href":"https:\/\/chateaudelaillyenval.com\/en\/wp-json\/wp\/v2\/pages\/391","targetHints":{"allow":["GET"]}}],"collection":[{"href":"https:\/\/chateaudelaillyenval.com\/en\/wp-json\/wp\/v2\/pages"}],"about":[{"href":"https:\/\/chateaudelaillyenval.com\/en\/wp-json\/wp\/v2\/types\/page"}],"author":[{"embeddable":true,"href":"https:\/\/chateaudelaillyenval.com\/en\/wp-json\/wp\/v2\/users\/1"}],"replies":[{"embeddable":true,"href":"https:\/\/chateaudelaillyenval.com\/en\/wp-json\/wp\/v2\/comments?post=391"}],"version-history":[{"count":20,"href":"https:\/\/chateaudelaillyenval.com\/en\/wp-json\/wp\/v2\/pages\/391\/revisions"}],"predecessor-version":[{"id":1630,"href":"https:\/\/chateaudelaillyenval.com\/en\/wp-json\/wp\/v2\/pages\/391\/revisions\/1630"}],"wp:attachment":[{"href":"https:\/\/chateaudelaillyenval.com\/en\/wp-json\/wp\/v2\/media?parent=391"}],"curies":[{"name":"wp","href":"https:\/\/api.w.org\/{rel}","templated":true}]}}